{"id":70,"date":"2024-07-07T04:50:50","date_gmt":"2024-07-07T04:50:50","guid":{"rendered":"https:\/\/acv.edu.pe\/index.php\/front_page\/"},"modified":"2026-03-26T18:10:47","modified_gmt":"2026-03-26T18:10:47","slug":"front_page","status":"publish","type":"page","link":"https:\/\/acv.edu.pe\/","title":{"rendered":"INICIO"},"content":{"rendered":"\t\t<div data-elementor-type=\"wp-page\" data-elementor-id=\"70\" class=\"elementor elementor-70\">\n\t\t\t\t<div class=\"elementor-element elementor-element-12d2295 e-flex e-con-boxed e-con e-parent\" data-id=\"12d2295\" data-element_type=\"container\" data-e-type=\"container\">\n\t\t\t\t\t<div class=\"e-con-inner\">\n\t\t\t\t\t<\/div>\n\t\t\t\t<\/div>\n\t\t<div class=\"elementor-element elementor-element-f67f8bb e-flex e-con-boxed e-con e-parent\" data-id=\"f67f8bb\" data-element_type=\"container\" data-e-type=\"container\">\n\t\t\t\t\t<div class=\"e-con-inner\">\n\t\t\t\t<div class=\"elementor-element elementor-element-ff7ba8c elementor-widget elementor-widget-heading\" data-id=\"ff7ba8c\" data-element_type=\"widget\" data-e-type=\"widget\" data-widget_type=\"heading.default\">\n\t\t\t\t<div class=\"elementor-widget-container\">\n\t\t\t\t\t<h2 class=\"elementor-heading-title elementor-size-default\">Lema Institucional <\/h2>\t\t\t\t<\/div>\n\t\t\t\t<\/div>\n\t\t\t\t\t<\/div>\n\t\t\t\t<\/div>\n\t\t<div class=\"elementor-element elementor-element-f7a1f5c e-flex e-con-boxed e-con e-parent\" data-id=\"f7a1f5c\" data-element_type=\"container\" data-e-type=\"container\">\n\t\t\t\t\t<div class=\"e-con-inner\">\n\t\t\t\t<div class=\"elementor-element elementor-element-a2e66f4 elementor-widget elementor-widget-image\" data-id=\"a2e66f4\" data-element_type=\"widget\" data-e-type=\"widget\" data-widget_type=\"image.default\">\n\t\t\t\t<div class=\"elementor-widget-container\">\n\t\t\t\t\t\t\t\t\t\t\t\t\t\t\t<img fetchpriority=\"high\" decoding=\"async\" width=\"640\" height=\"579\" src=\"https:\/\/acv.edu.pe\/wp-content\/uploads\/2024\/07\/WhatsApp-Image-2024-07-07-at-3.20.05-PM-1024x926.jpeg\" class=\"attachment-large size-large wp-image-301\" alt=\"\" srcset=\"https:\/\/acv.edu.pe\/wp-content\/uploads\/2024\/07\/WhatsApp-Image-2024-07-07-at-3.20.05-PM-1024x926.jpeg 1024w, https:\/\/acv.edu.pe\/wp-content\/uploads\/2024\/07\/WhatsApp-Image-2024-07-07-at-3.20.05-PM-300x271.jpeg 300w, https:\/\/acv.edu.pe\/wp-content\/uploads\/2024\/07\/WhatsApp-Image-2024-07-07-at-3.20.05-PM-768x695.jpeg 768w, https:\/\/acv.edu.pe\/wp-content\/uploads\/2024\/07\/WhatsApp-Image-2024-07-07-at-3.20.05-PM.jpeg 1080w\" sizes=\"(max-width: 640px) 100vw, 640px\" \/>\t\t\t\t\t\t\t\t\t\t\t\t\t\t\t<\/div>\n\t\t\t\t<\/div>\n\t\t\t\t\t<\/div>\n\t\t\t\t<\/div>\n\t\t<div class=\"elementor-element elementor-element-197a20a e-con-full elementor-hidden-desktop elementor-hidden-tablet e-flex e-con e-parent\" data-id=\"197a20a\" data-element_type=\"container\" data-e-type=\"container\">\n\t\t<div class=\"elementor-element elementor-element-e97fbba e-con-full e-flex e-con e-child\" data-id=\"e97fbba\" data-element_type=\"container\" data-e-type=\"container\">\n\t\t\t\t<div class=\"elementor-element elementor-element-c38ecd3 elementor-widget elementor-widget-heading\" data-id=\"c38ecd3\" data-element_type=\"widget\" data-e-type=\"widget\" data-widget_type=\"heading.default\">\n\t\t\t\t<div class=\"elementor-widget-container\">\n\t\t\t\t\t<h5 class=\"elementor-heading-title elementor-size-default\">Momentos<b> <\/b><\/h5>\t\t\t\t<\/div>\n\t\t\t\t<\/div>\n\t\t\t\t<div class=\"elementor-element elementor-element-f486510 elementor-widget elementor-widget-heading\" data-id=\"f486510\" data-element_type=\"widget\" data-e-type=\"widget\" data-widget_type=\"heading.default\">\n\t\t\t\t<div class=\"elementor-widget-container\">\n\t\t\t\t\t<h5 class=\"elementor-heading-title elementor-size-default\">que construyen futuro<\/h5>\t\t\t\t<\/div>\n\t\t\t\t<\/div>\n\t\t\t\t<div class=\"elementor-element elementor-element-26b7a6a elementor-pagination-position-inside elementor-arrows-position-inside elementor-widget elementor-widget-image-carousel\" data-id=\"26b7a6a\" data-element_type=\"widget\" data-e-type=\"widget\" data-settings=\"{&quot;navigation&quot;:&quot;both&quot;,&quot;autoplay&quot;:&quot;yes&quot;,&quot;pause_on_hover&quot;:&quot;yes&quot;,&quot;pause_on_interaction&quot;:&quot;yes&quot;,&quot;autoplay_speed&quot;:5000,&quot;infinite&quot;:&quot;yes&quot;,&quot;speed&quot;:500}\" data-widget_type=\"image-carousel.default\">\n\t\t\t\t<div class=\"elementor-widget-container\">\n\t\t\t\t\t\t\t<div class=\"elementor-image-carousel-wrapper swiper\" role=\"region\" aria-roledescription=\"carousel\" aria-label=\"Carrusel de im\u00e1genes\" dir=\"ltr\">\n\t\t\t<div class=\"elementor-image-carousel swiper-wrapper swiper-image-stretch\" aria-live=\"off\">\n\t\t\t\t\t\t\t\t<div class=\"swiper-slide\" role=\"group\" aria-roledescription=\"slide\" aria-label=\"1 de 4\"><figure class=\"swiper-slide-inner\"><img decoding=\"async\" class=\"swiper-slide-image\" src=\"https:\/\/acv.edu.pe\/wp-content\/uploads\/2026\/03\/WhatsApp-Image-2026-03-26-at-10.47.35-AM.jpeg\" alt=\"Proyecto \u201cEscribimos para cambiar el mundo\u201d, ganador del FONDEP 2025.\" \/><figcaption class=\"elementor-image-carousel-caption\">Proyecto \u201cEscribimos para cambiar el mundo\u201d, ganador del FONDEP 2025.<\/figcaption><\/figure><\/div><div class=\"swiper-slide\" role=\"group\" aria-roledescription=\"slide\" aria-label=\"2 de 4\"><figure class=\"swiper-slide-inner\"><img decoding=\"async\" class=\"swiper-slide-image\" src=\"https:\/\/acv.edu.pe\/wp-content\/uploads\/2026\/03\/WhatsApp-Image-2026-03-26-at-10.51.47-AM.jpeg\" alt=\"Estudiantes destacadas en la FENCYT 2025, logrando reconocimiento por su talento y esfuerzo.\" \/><figcaption class=\"elementor-image-carousel-caption\">Estudiantes destacadas en la FENCYT 2025, logrando reconocimiento por su talento y esfuerzo.<\/figcaption><\/figure><\/div><div class=\"swiper-slide\" role=\"group\" aria-roledescription=\"slide\" aria-label=\"3 de 4\"><figure class=\"swiper-slide-inner\"><img decoding=\"async\" class=\"swiper-slide-image\" src=\"https:\/\/acv.edu.pe\/wp-content\/uploads\/2026\/03\/WhatsApp-Image-2026-03-26-at-10.47.34-AM-1.jpeg\" alt=\"Donde el aprendizaje comienza con alegr\u00eda, juego y descubrimiento.\" \/><figcaption class=\"elementor-image-carousel-caption\">Donde el aprendizaje comienza con alegr\u00eda, juego y descubrimiento.<\/figcaption><\/figure><\/div><div class=\"swiper-slide\" role=\"group\" aria-roledescription=\"slide\" aria-label=\"4 de 4\"><figure class=\"swiper-slide-inner\"><img decoding=\"async\" class=\"swiper-slide-image\" src=\"https:\/\/acv.edu.pe\/wp-content\/uploads\/2026\/03\/WhatsApp-Image-2026-03-26-at-10.47.46-AM.jpeg\" alt=\"Desarrollo de competencias digitales en entornos tecnol\u00f3gicos.\" \/><figcaption class=\"elementor-image-carousel-caption\">Desarrollo de competencias digitales en entornos tecnol\u00f3gicos.<\/figcaption><\/figure><\/div>\t\t\t<\/div>\n\t\t\t\t\t\t\t\t\t\t\t\t<div class=\"elementor-swiper-button elementor-swiper-button-prev\" role=\"button\" tabindex=\"0\">\n\t\t\t\t\t\t<svg aria-hidden=\"true\" class=\"e-font-icon-svg e-eicon-chevron-left\" viewBox=\"0 0 1000 1000\" xmlns=\"http:\/\/www.w3.org\/2000\/svg\"><path d=\"M646 125C629 125 613 133 604 142L308 442C296 454 292 471 292 487 292 504 296 521 308 533L604 854C617 867 629 875 646 875 663 875 679 871 692 858 704 846 713 829 713 812 713 796 708 779 692 767L438 487 692 225C700 217 708 204 708 187 708 171 704 154 692 142 675 129 663 125 646 125Z\"><\/path><\/svg>\t\t\t\t\t<\/div>\n\t\t\t\t\t<div class=\"elementor-swiper-button elementor-swiper-button-next\" role=\"button\" tabindex=\"0\">\n\t\t\t\t\t\t<svg aria-hidden=\"true\" class=\"e-font-icon-svg e-eicon-chevron-right\" viewBox=\"0 0 1000 1000\" xmlns=\"http:\/\/www.w3.org\/2000\/svg\"><path d=\"M696 533C708 521 713 504 713 487 713 471 708 454 696 446L400 146C388 133 375 125 354 125 338 125 325 129 313 142 300 154 292 171 292 187 292 204 296 221 308 233L563 492 304 771C292 783 288 800 288 817 288 833 296 850 308 863 321 871 338 875 354 875 371 875 388 867 400 854L696 533Z\"><\/path><\/svg>\t\t\t\t\t<\/div>\n\t\t\t\t\n\t\t\t\t\t\t\t\t\t<div class=\"swiper-pagination\"><\/div>\n\t\t\t\t\t\t\t\t\t<\/div>\n\t\t\t\t\t\t<\/div>\n\t\t\t\t<\/div>\n\t\t\t\t<\/div>\n\t\t\t\t<\/div>\n\t\t<div class=\"elementor-element elementor-element-3f13065 e-flex e-con-boxed e-con e-parent\" data-id=\"3f13065\" data-element_type=\"container\" data-e-type=\"container\">\n\t\t\t\t\t<div class=\"e-con-inner\">\n\t\t\t\t\t<\/div>\n\t\t\t\t<\/div>\n\t\t<div class=\"elementor-element elementor-element-96eb189 e-con-full elementor-hidden-tablet elementor-hidden-mobile e-flex e-con e-parent\" data-id=\"96eb189\" data-element_type=\"container\" data-e-type=\"container\">\n\t\t<div class=\"elementor-element elementor-element-36e0e4b e-con-full e-flex e-con e-child\" data-id=\"36e0e4b\" data-element_type=\"container\" data-e-type=\"container\">\n\t\t\t\t<div class=\"elementor-element elementor-element-27c04fb elementor-widget elementor-widget-text-editor\" data-id=\"27c04fb\" data-element_type=\"widget\" data-e-type=\"widget\" data-widget_type=\"text-editor.default\">\n\t\t\t\t<div class=\"elementor-widget-container\">\n\t\t\t\t\t\t\t\t\t<h1><b>Feliz Dia del Maestro<\/b><\/h1>\t\t\t\t\t\t\t\t<\/div>\n\t\t\t\t<\/div>\n\t\t\t\t<div class=\"elementor-element elementor-element-57cfc64 elementor-widget__width-initial elementor-widget elementor-widget-heading\" data-id=\"57cfc64\" data-element_type=\"widget\" data-e-type=\"widget\" data-widget_type=\"heading.default\">\n\t\t\t\t<div class=\"elementor-widget-container\">\n\t\t\t\t\t<h2 class=\"elementor-heading-title elementor-size-default\">\u00a1Feliz D\u00eda del Maestro! Tus lecciones no s\u00f3lo han impartido conocimientos, sino que tambi\u00e9n han enriquecido nuestras vidas. \u00a1Les deseo un feliz D\u00eda de los Maestros! Gracias por inculcarnos el amor por el aprendizaje.\n<\/h2>\t\t\t\t<\/div>\n\t\t\t\t<\/div>\n\t\t\t\t<div class=\"elementor-element elementor-element-6bf65ee elementor-widget__width-initial elementor-widget elementor-widget-heading\" data-id=\"6bf65ee\" data-element_type=\"widget\" data-e-type=\"widget\" data-widget_type=\"heading.default\">\n\t\t\t\t<div class=\"elementor-widget-container\">\n\t\t\t\t\t<h2 class=\"elementor-heading-title elementor-size-default\">EN EL CONCURSO DE ESCOLTAS ORGANIZADO POR EL SUTEP UTCUBAMBA, RESULT\u00d3 GANADORES DE DICHO CONCURSO LA I.E.I.P.S.M \u00abALEJANDRO CUSSIANOVICH VILLAR\u00c1N\u00bb FELICITACIONES A LOS MAESTRO QUE CONFORMARON LA ESCOLTA ENCABEZADOS POR EL DIRECTOR JOS\u00c9 LUIZ DIAZ RUIZ.<\/h2>\t\t\t\t<\/div>\n\t\t\t\t<\/div>\n\t\t\t\t<\/div>\n\t\t<div class=\"elementor-element elementor-element-a33bfa0 e-con-full e-flex e-con e-child\" data-id=\"a33bfa0\" data-element_type=\"container\" data-e-type=\"container\">\n\t\t\t\t<div class=\"elementor-element elementor-element-d7221e9 elementor-hidden-tablet elementor-hidden-mobile elementor-widget elementor-widget-image\" data-id=\"d7221e9\" data-element_type=\"widget\" data-e-type=\"widget\" data-widget_type=\"image.default\">\n\t\t\t\t<div class=\"elementor-widget-container\">\n\t\t\t\t\t\t\t\t\t\t\t\t\t\t\t<img decoding=\"async\" width=\"640\" height=\"905\" src=\"https:\/\/acv.edu.pe\/wp-content\/uploads\/2024\/07\/WhatsApp-Image-2024-07-09-at-9.49.16-AM-724x1024.jpeg\" class=\"attachment-large size-large wp-image-369\" alt=\"\" srcset=\"https:\/\/acv.edu.pe\/wp-content\/uploads\/2024\/07\/WhatsApp-Image-2024-07-09-at-9.49.16-AM-724x1024.jpeg 724w, https:\/\/acv.edu.pe\/wp-content\/uploads\/2024\/07\/WhatsApp-Image-2024-07-09-at-9.49.16-AM-212x300.jpeg 212w, https:\/\/acv.edu.pe\/wp-content\/uploads\/2024\/07\/WhatsApp-Image-2024-07-09-at-9.49.16-AM-768x1086.jpeg 768w, https:\/\/acv.edu.pe\/wp-content\/uploads\/2024\/07\/WhatsApp-Image-2024-07-09-at-9.49.16-AM-1086x1536.jpeg 1086w, https:\/\/acv.edu.pe\/wp-content\/uploads\/2024\/07\/WhatsApp-Image-2024-07-09-at-9.49.16-AM-763x1080.jpeg 763w, https:\/\/acv.edu.pe\/wp-content\/uploads\/2024\/07\/WhatsApp-Image-2024-07-09-at-9.49.16-AM.jpeg 1131w\" sizes=\"(max-width: 640px) 100vw, 640px\" \/>\t\t\t\t\t\t\t\t\t\t\t\t\t\t\t<\/div>\n\t\t\t\t<\/div>\n\t\t\t\t<\/div>\n\t\t\t\t<\/div>\n\t\t<div class=\"elementor-element elementor-element-6daf2e4 e-con-full elementor-hidden-desktop e-flex e-con e-parent\" data-id=\"6daf2e4\" data-element_type=\"container\" data-e-type=\"container\">\n\t\t<div class=\"elementor-element elementor-element-8856b30 e-con-full e-flex e-con e-child\" data-id=\"8856b30\" data-element_type=\"container\" data-e-type=\"container\">\n\t\t\t\t<div class=\"elementor-element elementor-element-84262f9 elementor-widget__width-initial elementor-widget elementor-widget-heading\" data-id=\"84262f9\" data-element_type=\"widget\" data-e-type=\"widget\" data-widget_type=\"heading.default\">\n\t\t\t\t<div class=\"elementor-widget-container\">\n\t\t\t\t\t<h2 class=\"elementor-heading-title elementor-size-default\">Feliz D\u00eda del Maestro<\/h2>\t\t\t\t<\/div>\n\t\t\t\t<\/div>\n\t\t\t\t<div class=\"elementor-element elementor-element-1dafbbf elementor-widget__width-initial elementor-widget elementor-widget-heading\" data-id=\"1dafbbf\" data-element_type=\"widget\" data-e-type=\"widget\" data-widget_type=\"heading.default\">\n\t\t\t\t<div class=\"elementor-widget-container\">\n\t\t\t\t\t<h2 class=\"elementor-heading-title elementor-size-default\">\u00a1Feliz D\u00eda del Maestro! Tus lecciones no s\u00f3lo han impartido conocimientos, sino que tambi\u00e9n han enriquecido nuestras vidas. \u00a1Les deseo un feliz D\u00eda de los Maestros! Gracias por inculcarnos el amor por el aprendizaje.\n<\/h2>\t\t\t\t<\/div>\n\t\t\t\t<\/div>\n\t\t\t\t<div class=\"elementor-element elementor-element-dad7dbb elementor-widget__width-initial elementor-widget elementor-widget-heading\" data-id=\"dad7dbb\" data-element_type=\"widget\" data-e-type=\"widget\" data-widget_type=\"heading.default\">\n\t\t\t\t<div class=\"elementor-widget-container\">\n\t\t\t\t\t<h2 class=\"elementor-heading-title elementor-size-default\">EN EL CONCURSO DE ESCOLTAS ORGANIZADO POR EL SUTEP UTCUBAMBA, RESULT\u00d3 GANADORES DE DICHO CONCURSO LA I.E.I.P.S.M \u00abALEJANDRO CUSSIANOVICH VILLAR\u00c1N\u00bb FELICITACIONES A LOS MAESTRO QUE CONFORMARON LA ESCOLTA ENCABEZADOS POR EL DIRECTOR JOS\u00c9 LUIZ DIAZ RUIZ.<\/h2>\t\t\t\t<\/div>\n\t\t\t\t<\/div>\n\t\t\t\t<\/div>\n\t\t<div class=\"elementor-element elementor-element-d0eeb91 e-con-full e-flex e-con e-child\" data-id=\"d0eeb91\" data-element_type=\"container\" data-e-type=\"container\">\n\t\t\t\t<div class=\"elementor-element elementor-element-81577f1 elementor-widget__width-initial elementor-widget-mobile__width-initial elementor-widget elementor-widget-image\" data-id=\"81577f1\" data-element_type=\"widget\" data-e-type=\"widget\" data-widget_type=\"image.default\">\n\t\t\t\t<div class=\"elementor-widget-container\">\n\t\t\t\t\t\t\t\t\t\t\t\t\t\t\t<img decoding=\"async\" width=\"640\" height=\"905\" src=\"https:\/\/acv.edu.pe\/wp-content\/uploads\/2024\/07\/WhatsApp-Image-2024-07-09-at-9.49.16-AM-768x1086.jpeg\" class=\"attachment-medium_large size-medium_large wp-image-369\" alt=\"\" srcset=\"https:\/\/acv.edu.pe\/wp-content\/uploads\/2024\/07\/WhatsApp-Image-2024-07-09-at-9.49.16-AM-768x1086.jpeg 768w, https:\/\/acv.edu.pe\/wp-content\/uploads\/2024\/07\/WhatsApp-Image-2024-07-09-at-9.49.16-AM-212x300.jpeg 212w, https:\/\/acv.edu.pe\/wp-content\/uploads\/2024\/07\/WhatsApp-Image-2024-07-09-at-9.49.16-AM-724x1024.jpeg 724w, https:\/\/acv.edu.pe\/wp-content\/uploads\/2024\/07\/WhatsApp-Image-2024-07-09-at-9.49.16-AM-1086x1536.jpeg 1086w, https:\/\/acv.edu.pe\/wp-content\/uploads\/2024\/07\/WhatsApp-Image-2024-07-09-at-9.49.16-AM-763x1080.jpeg 763w, https:\/\/acv.edu.pe\/wp-content\/uploads\/2024\/07\/WhatsApp-Image-2024-07-09-at-9.49.16-AM.jpeg 1131w\" sizes=\"(max-width: 640px) 100vw, 640px\" \/>\t\t\t\t\t\t\t\t\t\t\t\t\t\t\t<\/div>\n\t\t\t\t<\/div>\n\t\t\t\t<\/div>\n\t\t\t\t<\/div>\n\t\t<div class=\"elementor-element elementor-element-3fbba6f elementor-hidden-tablet elementor-hidden-mobile e-flex e-con-boxed e-con e-parent\" data-id=\"3fbba6f\" data-element_type=\"container\" data-e-type=\"container\">\n\t\t\t\t\t<div class=\"e-con-inner\">\n\t\t<div class=\"elementor-element elementor-element-752b6ed e-con-full e-flex e-con e-child\" data-id=\"752b6ed\" data-element_type=\"container\" data-e-type=\"container\">\n\t\t\t\t<div class=\"elementor-element elementor-element-3dae9a2 elementor-widget elementor-widget-heading\" data-id=\"3dae9a2\" data-element_type=\"widget\" data-e-type=\"widget\" data-widget_type=\"heading.default\">\n\t\t\t\t<div class=\"elementor-widget-container\">\n\t\t\t\t\t<h2 class=\"elementor-heading-title elementor-size-default\"><b>Feliz Aniversario Educaci\u00f3n Inicial<\/b><\/h2>\t\t\t\t<\/div>\n\t\t\t\t<\/div>\n\t\t\t\t<div class=\"elementor-element elementor-element-66b81d8 elementor-widget elementor-widget-heading\" data-id=\"66b81d8\" data-element_type=\"widget\" data-e-type=\"widget\" data-widget_type=\"heading.default\">\n\t\t\t\t<div class=\"elementor-widget-container\">\n\t\t\t\t\t<h2 class=\"elementor-heading-title elementor-size-default\">En el marco del 93 aniversario de la educaci\u00f3n inicial en la IE Alejandro Cussianovich Villar\u00e1n de Bagua Grande, se llev\u00f3 a cabo un espectacular Festival de Talentos que deslumbr\u00f3 a todos los presentes. \ud83c\udf1f<\/h2>\t\t\t\t<\/div>\n\t\t\t\t<\/div>\n\t\t\t\t<div class=\"elementor-element elementor-element-f570a45 elementor-widget elementor-widget-heading\" data-id=\"f570a45\" data-element_type=\"widget\" data-e-type=\"widget\" data-widget_type=\"heading.default\">\n\t\t\t\t<div class=\"elementor-widget-container\">\n\t\t\t\t\t<h2 class=\"elementor-heading-title elementor-size-default\">Queremos felicitar y aplaudir el incre\u00edble esfuerzo y dedicaci\u00f3n de los padres de familia, maestras y, por supuesto, los talentosos ni\u00f1os y ni\u00f1as que hicieron de esta celebraci\u00f3n un evento inolvidable. \ud83d\udc4f\ud83d\udc96<\/h2>\t\t\t\t<\/div>\n\t\t\t\t<\/div>\n\t\t\t\t<div class=\"elementor-element elementor-element-bdea3c4 elementor-widget elementor-widget-heading\" data-id=\"bdea3c4\" data-element_type=\"widget\" data-e-type=\"widget\" data-widget_type=\"heading.default\">\n\t\t\t\t<div class=\"elementor-widget-container\">\n\t\t\t\t\t<h2 class=\"elementor-heading-title elementor-size-default\">Durante esta emocionante jornada, pudimos presenciar una muestra impresionante de habilidades y destrezas en diversas \u00e1reas, desde el baile, el canto y la poes\u00eda. Cada actuaci\u00f3n fue una verdadera demostraci\u00f3n del talento y la creatividad que florece en los ni\u00f1os y ni\u00f1as de nuestra IE. \ud83c\udf08\ud83c\udfb6<\/h2>\t\t\t\t<\/div>\n\t\t\t\t<\/div>\n\t\t\t\t<div class=\"elementor-element elementor-element-dee173c elementor-widget elementor-widget-heading\" data-id=\"dee173c\" data-element_type=\"widget\" data-e-type=\"widget\" data-widget_type=\"heading.default\">\n\t\t\t\t<div class=\"elementor-widget-container\">\n\t\t\t\t\t<h2 class=\"elementor-heading-title elementor-size-default\">\u00a1Felicitaciones a todos por hacer de esta celebraci\u00f3n un \u00e9xito rotundo! Sigamos cultivando el talento y sembrando semillas de conocimiento y creatividad en cada rinc\u00f3n de nuestra comunidad escolar. \u00a1Juntos, construimos un futuro lleno de posibilidades infinitas!<\/h2>\t\t\t\t<\/div>\n\t\t\t\t<\/div>\n\t\t\t\t<\/div>\n\t\t<div class=\"elementor-element elementor-element-008e769 e-con-full e-flex e-con e-child\" data-id=\"008e769\" data-element_type=\"container\" data-e-type=\"container\">\n\t\t\t\t<div class=\"elementor-element elementor-element-20a9809 elementor-widget__width-initial elementor-hidden-tablet elementor-hidden-mobile elementor-widget elementor-widget-image\" data-id=\"20a9809\" data-element_type=\"widget\" data-e-type=\"widget\" data-widget_type=\"image.default\">\n\t\t\t\t<div class=\"elementor-widget-container\">\n\t\t\t\t\t\t\t\t\t\t\t\t\t\t\t<img loading=\"lazy\" decoding=\"async\" width=\"576\" height=\"1024\" src=\"https:\/\/acv.edu.pe\/wp-content\/uploads\/2024\/07\/WhatsApp-Image-2024-07-08-at-12.48.32-AM-576x1024.jpeg\" class=\"attachment-large size-large wp-image-360\" alt=\"\" srcset=\"https:\/\/acv.edu.pe\/wp-content\/uploads\/2024\/07\/WhatsApp-Image-2024-07-08-at-12.48.32-AM-576x1024.jpeg 576w, https:\/\/acv.edu.pe\/wp-content\/uploads\/2024\/07\/WhatsApp-Image-2024-07-08-at-12.48.32-AM-169x300.jpeg 169w, https:\/\/acv.edu.pe\/wp-content\/uploads\/2024\/07\/WhatsApp-Image-2024-07-08-at-12.48.32-AM-768x1366.jpeg 768w, https:\/\/acv.edu.pe\/wp-content\/uploads\/2024\/07\/WhatsApp-Image-2024-07-08-at-12.48.32-AM-864x1536.jpeg 864w, https:\/\/acv.edu.pe\/wp-content\/uploads\/2024\/07\/WhatsApp-Image-2024-07-08-at-12.48.32-AM-607x1080.jpeg 607w, https:\/\/acv.edu.pe\/wp-content\/uploads\/2024\/07\/WhatsApp-Image-2024-07-08-at-12.48.32-AM.jpeg 899w\" sizes=\"(max-width: 576px) 100vw, 576px\" \/>\t\t\t\t\t\t\t\t\t\t\t\t\t\t\t<\/div>\n\t\t\t\t<\/div>\n\t\t\t\t<\/div>\n\t\t\t\t\t<\/div>\n\t\t\t\t<\/div>\n\t\t<div class=\"elementor-element elementor-element-d2fbbd9 elementor-hidden-desktop elementor-hidden-tablet e-flex e-con-boxed e-con e-parent\" data-id=\"d2fbbd9\" data-element_type=\"container\" data-e-type=\"container\">\n\t\t\t\t\t<div class=\"e-con-inner\">\n\t\t<div class=\"elementor-element elementor-element-a72a38f e-con-full e-flex e-con e-child\" data-id=\"a72a38f\" data-element_type=\"container\" data-e-type=\"container\">\n\t\t\t\t<div class=\"elementor-element elementor-element-062a90e elementor-widget elementor-widget-heading\" data-id=\"062a90e\" data-element_type=\"widget\" data-e-type=\"widget\" data-widget_type=\"heading.default\">\n\t\t\t\t<div class=\"elementor-widget-container\">\n\t\t\t\t\t<h2 class=\"elementor-heading-title elementor-size-default\"><b>Feliz Aniversario Educaci\u00f3n Inicial<\/b><\/h2>\t\t\t\t<\/div>\n\t\t\t\t<\/div>\n\t\t\t\t<div class=\"elementor-element elementor-element-61651b8 elementor-widget elementor-widget-heading\" data-id=\"61651b8\" data-element_type=\"widget\" data-e-type=\"widget\" data-widget_type=\"heading.default\">\n\t\t\t\t<div class=\"elementor-widget-container\">\n\t\t\t\t\t<h2 class=\"elementor-heading-title elementor-size-default\">En el marco del 93 aniversario de la educaci\u00f3n inicial en la IE Alejandro Cussianovich Villar\u00e1n de Bagua Grande, se llev\u00f3 a cabo un espectacular Festival de Talentos que deslumbr\u00f3 a todos los presentes. \ud83c\udf1f<\/h2>\t\t\t\t<\/div>\n\t\t\t\t<\/div>\n\t\t\t\t<div class=\"elementor-element elementor-element-8dd421d elementor-widget elementor-widget-heading\" data-id=\"8dd421d\" data-element_type=\"widget\" data-e-type=\"widget\" data-widget_type=\"heading.default\">\n\t\t\t\t<div class=\"elementor-widget-container\">\n\t\t\t\t\t<h2 class=\"elementor-heading-title elementor-size-default\">Queremos felicitar y aplaudir el incre\u00edble esfuerzo y dedicaci\u00f3n de los padres de familia, maestras y, por supuesto, los talentosos ni\u00f1os y ni\u00f1as que hicieron de esta celebraci\u00f3n un evento inolvidable. \ud83d\udc4f\ud83d\udc96<\/h2>\t\t\t\t<\/div>\n\t\t\t\t<\/div>\n\t\t\t\t<div class=\"elementor-element elementor-element-2ee5f98 elementor-widget elementor-widget-heading\" data-id=\"2ee5f98\" data-element_type=\"widget\" data-e-type=\"widget\" data-widget_type=\"heading.default\">\n\t\t\t\t<div class=\"elementor-widget-container\">\n\t\t\t\t\t<h2 class=\"elementor-heading-title elementor-size-default\">Durante esta emocionante jornada, pudimos presenciar una muestra impresionante de habilidades y destrezas en diversas \u00e1reas, desde el baile, el canto y la poes\u00eda. Cada actuaci\u00f3n fue una verdadera demostraci\u00f3n del talento y la creatividad que florece en los ni\u00f1os y ni\u00f1as de nuestra IE. \ud83c\udf08\ud83c\udfb6<\/h2>\t\t\t\t<\/div>\n\t\t\t\t<\/div>\n\t\t\t\t<div class=\"elementor-element elementor-element-d5f6aae elementor-widget elementor-widget-heading\" data-id=\"d5f6aae\" data-element_type=\"widget\" data-e-type=\"widget\" data-widget_type=\"heading.default\">\n\t\t\t\t<div class=\"elementor-widget-container\">\n\t\t\t\t\t<h2 class=\"elementor-heading-title elementor-size-default\">\u00a1Felicitaciones a todos por hacer de esta celebraci\u00f3n un \u00e9xito rotundo! Sigamos cultivando el talento y sembrando semillas de conocimiento y creatividad en cada rinc\u00f3n de nuestra comunidad escolar. \u00a1Juntos, construimos un futuro lleno de posibilidades infinitas!<\/h2>\t\t\t\t<\/div>\n\t\t\t\t<\/div>\n\t\t\t\t<\/div>\n\t\t<div class=\"elementor-element elementor-element-c465187 e-con-full e-flex e-con e-child\" data-id=\"c465187\" data-element_type=\"container\" data-e-type=\"container\">\n\t\t\t\t<div class=\"elementor-element elementor-element-1543560 elementor-widget__width-initial elementor-hidden-desktop elementor-hidden-tablet elementor-widget elementor-widget-image\" data-id=\"1543560\" data-element_type=\"widget\" data-e-type=\"widget\" data-widget_type=\"image.default\">\n\t\t\t\t<div class=\"elementor-widget-container\">\n\t\t\t\t\t\t\t\t\t\t\t\t\t\t\t<img loading=\"lazy\" decoding=\"async\" width=\"576\" height=\"1024\" src=\"https:\/\/acv.edu.pe\/wp-content\/uploads\/2024\/07\/WhatsApp-Image-2024-07-08-at-12.48.32-AM-576x1024.jpeg\" class=\"attachment-large size-large wp-image-360\" alt=\"\" srcset=\"https:\/\/acv.edu.pe\/wp-content\/uploads\/2024\/07\/WhatsApp-Image-2024-07-08-at-12.48.32-AM-576x1024.jpeg 576w, https:\/\/acv.edu.pe\/wp-content\/uploads\/2024\/07\/WhatsApp-Image-2024-07-08-at-12.48.32-AM-169x300.jpeg 169w, https:\/\/acv.edu.pe\/wp-content\/uploads\/2024\/07\/WhatsApp-Image-2024-07-08-at-12.48.32-AM-768x1366.jpeg 768w, https:\/\/acv.edu.pe\/wp-content\/uploads\/2024\/07\/WhatsApp-Image-2024-07-08-at-12.48.32-AM-864x1536.jpeg 864w, https:\/\/acv.edu.pe\/wp-content\/uploads\/2024\/07\/WhatsApp-Image-2024-07-08-at-12.48.32-AM-607x1080.jpeg 607w, https:\/\/acv.edu.pe\/wp-content\/uploads\/2024\/07\/WhatsApp-Image-2024-07-08-at-12.48.32-AM.jpeg 899w\" sizes=\"(max-width: 576px) 100vw, 576px\" \/>\t\t\t\t\t\t\t\t\t\t\t\t\t\t\t<\/div>\n\t\t\t\t<\/div>\n\t\t\t\t<\/div>\n\t\t\t\t\t<\/div>\n\t\t\t\t<\/div>\n\t\t<div class=\"elementor-element elementor-element-2ecde29 elementor-hidden-desktop e-con-full elementor-hidden-mobile e-flex e-con e-parent\" data-id=\"2ecde29\" data-element_type=\"container\" data-e-type=\"container\">\n\t\t<div class=\"elementor-element elementor-element-fe54e45 e-con-full e-flex e-con e-child\" data-id=\"fe54e45\" data-element_type=\"container\" data-e-type=\"container\">\n\t\t\t\t<div class=\"elementor-element elementor-element-7667654 elementor-widget elementor-widget-heading\" data-id=\"7667654\" data-element_type=\"widget\" data-e-type=\"widget\" data-widget_type=\"heading.default\">\n\t\t\t\t<div class=\"elementor-widget-container\">\n\t\t\t\t\t<h2 class=\"elementor-heading-title elementor-size-default\"><b>Feliz Aniversario Educaci\u00f3n Inicial<\/b><\/h2>\t\t\t\t<\/div>\n\t\t\t\t<\/div>\n\t\t\t\t<div class=\"elementor-element elementor-element-645997d elementor-widget elementor-widget-heading\" data-id=\"645997d\" data-element_type=\"widget\" data-e-type=\"widget\" data-widget_type=\"heading.default\">\n\t\t\t\t<div class=\"elementor-widget-container\">\n\t\t\t\t\t<h2 class=\"elementor-heading-title elementor-size-default\">En el marco del 93 aniversario de la educaci\u00f3n inicial en la IE Alejandro Cussianovich Villar\u00e1n de Bagua Grande, se llev\u00f3 a cabo un espectacular Festival de Talentos que deslumbr\u00f3 a todos los presentes. \ud83c\udf1f<\/h2>\t\t\t\t<\/div>\n\t\t\t\t<\/div>\n\t\t\t\t<div class=\"elementor-element elementor-element-55b9b48 elementor-widget elementor-widget-heading\" data-id=\"55b9b48\" data-element_type=\"widget\" data-e-type=\"widget\" data-widget_type=\"heading.default\">\n\t\t\t\t<div class=\"elementor-widget-container\">\n\t\t\t\t\t<h2 class=\"elementor-heading-title elementor-size-default\">Queremos felicitar y aplaudir el incre\u00edble esfuerzo y dedicaci\u00f3n de los padres de familia, maestras y, por supuesto, los talentosos ni\u00f1os y ni\u00f1as que hicieron de esta celebraci\u00f3n un evento inolvidable. \ud83d\udc4f\ud83d\udc96<\/h2>\t\t\t\t<\/div>\n\t\t\t\t<\/div>\n\t\t\t\t<div class=\"elementor-element elementor-element-1a1cbc5 elementor-widget elementor-widget-heading\" data-id=\"1a1cbc5\" data-element_type=\"widget\" data-e-type=\"widget\" data-widget_type=\"heading.default\">\n\t\t\t\t<div class=\"elementor-widget-container\">\n\t\t\t\t\t<h2 class=\"elementor-heading-title elementor-size-default\">Durante esta emocionante jornada, pudimos presenciar una muestra impresionante de habilidades y destrezas en diversas \u00e1reas, desde el baile, el canto y la poes\u00eda. Cada actuaci\u00f3n fue una verdadera demostraci\u00f3n del talento y la creatividad que florece en los ni\u00f1os y ni\u00f1as de nuestra IE. \ud83c\udf08\ud83c\udfb6<\/h2>\t\t\t\t<\/div>\n\t\t\t\t<\/div>\n\t\t\t\t<div class=\"elementor-element elementor-element-ecc0b34 elementor-widget elementor-widget-heading\" data-id=\"ecc0b34\" data-element_type=\"widget\" data-e-type=\"widget\" data-widget_type=\"heading.default\">\n\t\t\t\t<div class=\"elementor-widget-container\">\n\t\t\t\t\t<h2 class=\"elementor-heading-title elementor-size-default\">\u00a1Felicitaciones a todos por hacer de esta celebraci\u00f3n un \u00e9xito rotundo! Sigamos cultivando el talento y sembrando semillas de conocimiento y creatividad en cada rinc\u00f3n de nuestra comunidad escolar. \u00a1Juntos, construimos un futuro lleno de posibilidades infinitas!<\/h2>\t\t\t\t<\/div>\n\t\t\t\t<\/div>\n\t\t\t\t<\/div>\n\t\t<div class=\"elementor-element elementor-element-b015a88 e-con-full e-flex e-con e-child\" data-id=\"b015a88\" data-element_type=\"container\" data-e-type=\"container\">\n\t\t\t\t<div class=\"elementor-element elementor-element-ebc9e36 elementor-widget__width-initial elementor-widget-tablet__width-initial elementor-widget elementor-widget-image\" data-id=\"ebc9e36\" data-element_type=\"widget\" data-e-type=\"widget\" data-widget_type=\"image.default\">\n\t\t\t\t<div class=\"elementor-widget-container\">\n\t\t\t\t\t\t\t\t\t\t\t\t\t\t\t<img loading=\"lazy\" decoding=\"async\" width=\"864\" height=\"1536\" src=\"https:\/\/acv.edu.pe\/wp-content\/uploads\/2024\/07\/WhatsApp-Image-2024-07-08-at-12.48.32-AM-864x1536.jpeg\" class=\"attachment-1536x1536 size-1536x1536 wp-image-360\" alt=\"\" srcset=\"https:\/\/acv.edu.pe\/wp-content\/uploads\/2024\/07\/WhatsApp-Image-2024-07-08-at-12.48.32-AM-864x1536.jpeg 864w, https:\/\/acv.edu.pe\/wp-content\/uploads\/2024\/07\/WhatsApp-Image-2024-07-08-at-12.48.32-AM-169x300.jpeg 169w, https:\/\/acv.edu.pe\/wp-content\/uploads\/2024\/07\/WhatsApp-Image-2024-07-08-at-12.48.32-AM-576x1024.jpeg 576w, https:\/\/acv.edu.pe\/wp-content\/uploads\/2024\/07\/WhatsApp-Image-2024-07-08-at-12.48.32-AM-768x1366.jpeg 768w, https:\/\/acv.edu.pe\/wp-content\/uploads\/2024\/07\/WhatsApp-Image-2024-07-08-at-12.48.32-AM-607x1080.jpeg 607w, https:\/\/acv.edu.pe\/wp-content\/uploads\/2024\/07\/WhatsApp-Image-2024-07-08-at-12.48.32-AM.jpeg 899w\" sizes=\"(max-width: 864px) 100vw, 864px\" \/>\t\t\t\t\t\t\t\t\t\t\t\t\t\t\t<\/div>\n\t\t\t\t<\/div>\n\t\t\t\t<\/div>\n\t\t\t\t<\/div>\n\t\t<div class=\"elementor-element elementor-element-f26196c e-flex e-con-boxed e-con e-parent\" data-id=\"f26196c\" data-element_type=\"container\" data-e-type=\"container\">\n\t\t\t\t\t<div class=\"e-con-inner\">\n\t\t\t\t\t<\/div>\n\t\t\t\t<\/div>\n\t\t<div class=\"elementor-element elementor-element-1b0fa0e e-con-full elementor-hidden-tablet elementor-hidden-mobile e-flex e-con e-parent\" data-id=\"1b0fa0e\" data-element_type=\"container\" data-e-type=\"container\">\n\t\t<div class=\"elementor-element elementor-element-598505e e-con-full e-flex e-con e-child\" data-id=\"598505e\" data-element_type=\"container\" data-e-type=\"container\">\n\t\t\t\t<div class=\"elementor-element elementor-element-7d36b93 elementor-widget elementor-widget-heading\" data-id=\"7d36b93\" data-element_type=\"widget\" data-e-type=\"widget\" data-widget_type=\"heading.default\">\n\t\t\t\t<div class=\"elementor-widget-container\">\n\t\t\t\t\t<h2 class=\"elementor-heading-title elementor-size-default\">ECO CREACIO<b>NES<\/b> <\/h2>\t\t\t\t<\/div>\n\t\t\t\t<\/div>\n\t\t\t\t<div class=\"elementor-element elementor-element-6f105d1 elementor-widget elementor-widget-heading\" data-id=\"6f105d1\" data-element_type=\"widget\" data-e-type=\"widget\" data-widget_type=\"heading.default\">\n\t\t\t\t<div class=\"elementor-widget-container\">\n\t\t\t\t\t<h2 class=\"elementor-heading-title elementor-size-default\">\ud83c\udf0d\ud83d\udc9a <b>\u00a1\u00danete a la causa por un planeta m\u00e1s verde con ECO CREACIONES ACV: Arte Sostenible!<\/b><\/h2>\t\t\t\t<\/div>\n\t\t\t\t<\/div>\n\t\t\t\t<div class=\"elementor-element elementor-element-2d767b7 elementor-widget elementor-widget-heading\" data-id=\"2d767b7\" data-element_type=\"widget\" data-e-type=\"widget\" data-widget_type=\"heading.default\">\n\t\t\t\t<div class=\"elementor-widget-container\">\n\t\t\t\t\t<h2 class=\"elementor-heading-title elementor-size-default\">Nos enorgullece presentar los resultados del proyecto de emprendimiento de nuestros estudiantes del Sexto grado de primaria de la IE Alejandro Cussianovich Villar\u00e1n. Con pasi\u00f3n y creatividad, han creado bolsitas ecol\u00f3gicas con frases inspiradoras que promueven el cuidado y la protecci\u00f3n de nuestro planeta.<\/h2>\t\t\t\t<\/div>\n\t\t\t\t<\/div>\n\t\t\t\t<div class=\"elementor-element elementor-element-e888e94 elementor-widget elementor-widget-heading\" data-id=\"e888e94\" data-element_type=\"widget\" data-e-type=\"widget\" data-widget_type=\"heading.default\">\n\t\t\t\t<div class=\"elementor-widget-container\">\n\t\t\t\t\t<h2 class=\"elementor-heading-title elementor-size-default\">\u00a1Cada bolsita es una obra de arte sostenible que marca la diferencia! Al adquirir una, no solo obtienes un producto \u00fatil y hermoso, sino que tambi\u00e9n apoyas una causa que trasciende generaciones.<\/h2>\t\t\t\t<\/div>\n\t\t\t\t<\/div>\n\t\t\t\t<div class=\"elementor-element elementor-element-8fc742e elementor-widget elementor-widget-heading\" data-id=\"8fc742e\" data-element_type=\"widget\" data-e-type=\"widget\" data-widget_type=\"heading.default\">\n\t\t\t\t<div class=\"elementor-widget-container\">\n\t\t\t\t\t<h2 class=\"elementor-heading-title elementor-size-default\">\ud83c\udf3f \u00bfQuieres colaborar con esta noble iniciativa? Llama ahora al celular 950762145 o al 930428680 y adquiere tu bolsita ecol\u00f3gica. \u00a1Cada compra cuenta para un futuro m\u00e1s verde y sostenible!<\/h2>\t\t\t\t<\/div>\n\t\t\t\t<\/div>\n\t\t\t\t<div class=\"elementor-element elementor-element-5747d5d elementor-widget elementor-widget-heading\" data-id=\"5747d5d\" data-element_type=\"widget\" data-e-type=\"widget\" data-widget_type=\"heading.default\">\n\t\t\t\t<div class=\"elementor-widget-container\">\n\t\t\t\t\t<h2 class=\"elementor-heading-title elementor-size-default\">Juntos podemos hacer la diferencia. \u00a1\u00danete a ECO CREACIONES ACV y s\u00e9 parte del cambio hacia un mundo mejor! \ud83c\udf0e\ud83d\udc9a<\/h2>\t\t\t\t<\/div>\n\t\t\t\t<\/div>\n\t\t\t\t<\/div>\n\t\t<div class=\"elementor-element elementor-element-567c1a2 e-con-full e-flex e-con e-child\" data-id=\"567c1a2\" data-element_type=\"container\" data-e-type=\"container\">\n\t\t\t\t<div class=\"elementor-element elementor-element-5f8702e elementor-widget elementor-widget-spacer\" data-id=\"5f8702e\" data-element_type=\"widget\" data-e-type=\"widget\" data-widget_type=\"spacer.default\">\n\t\t\t\t<div class=\"elementor-widget-container\">\n\t\t\t\t\t\t\t<div class=\"elementor-spacer\">\n\t\t\t<div class=\"elementor-spacer-inner\"><\/div>\n\t\t<\/div>\n\t\t\t\t\t\t<\/div>\n\t\t\t\t<\/div>\n\t\t\t\t<div class=\"elementor-element elementor-element-922ed4c elementor-widget__width-initial elementor-hidden-tablet elementor-hidden-mobile elementor-widget elementor-widget-image\" data-id=\"922ed4c\" data-element_type=\"widget\" data-e-type=\"widget\" data-widget_type=\"image.default\">\n\t\t\t\t<div class=\"elementor-widget-container\">\n\t\t\t\t\t\t\t\t\t\t\t\t\t\t\t<img loading=\"lazy\" decoding=\"async\" width=\"640\" height=\"905\" src=\"https:\/\/acv.edu.pe\/wp-content\/uploads\/2024\/07\/WhatsApp-Image-2024-07-21-at-11.42.44-PM-724x1024.jpeg\" class=\"attachment-large size-large wp-image-739\" alt=\"\" srcset=\"https:\/\/acv.edu.pe\/wp-content\/uploads\/2024\/07\/WhatsApp-Image-2024-07-21-at-11.42.44-PM-724x1024.jpeg 724w, https:\/\/acv.edu.pe\/wp-content\/uploads\/2024\/07\/WhatsApp-Image-2024-07-21-at-11.42.44-PM-212x300.jpeg 212w, https:\/\/acv.edu.pe\/wp-content\/uploads\/2024\/07\/WhatsApp-Image-2024-07-21-at-11.42.44-PM-768x1086.jpeg 768w, https:\/\/acv.edu.pe\/wp-content\/uploads\/2024\/07\/WhatsApp-Image-2024-07-21-at-11.42.44-PM-1086x1536.jpeg 1086w, https:\/\/acv.edu.pe\/wp-content\/uploads\/2024\/07\/WhatsApp-Image-2024-07-21-at-11.42.44-PM-763x1080.jpeg 763w, https:\/\/acv.edu.pe\/wp-content\/uploads\/2024\/07\/WhatsApp-Image-2024-07-21-at-11.42.44-PM.jpeg 1131w\" sizes=\"(max-width: 640px) 100vw, 640px\" \/>\t\t\t\t\t\t\t\t\t\t\t\t\t\t\t<\/div>\n\t\t\t\t<\/div>\n\t\t\t\t<\/div>\n\t\t\t\t<\/div>\n\t\t<div class=\"elementor-element elementor-element-d39e360 e-con-full elementor-hidden-desktop elementor-hidden-tablet e-flex e-con e-parent\" data-id=\"d39e360\" data-element_type=\"container\" data-e-type=\"container\">\n\t\t<div class=\"elementor-element elementor-element-eceae5f e-con-full e-flex e-con e-child\" data-id=\"eceae5f\" data-element_type=\"container\" data-e-type=\"container\">\n\t\t\t\t<div class=\"elementor-element elementor-element-a20c593 elementor-widget elementor-widget-heading\" data-id=\"a20c593\" data-element_type=\"widget\" data-e-type=\"widget\" data-widget_type=\"heading.default\">\n\t\t\t\t<div class=\"elementor-widget-container\">\n\t\t\t\t\t<h2 class=\"elementor-heading-title elementor-size-default\"><span style=\", sans-serif;font-size: 37px;text-align: center\">ECO CREACIO<\/span><span style=\", sans-serif;font-size: 37px;text-align: center\">NES<\/span><span style=\", sans-serif;font-size: 37px;text-align: center\">  <\/span><\/h2>\t\t\t\t<\/div>\n\t\t\t\t<\/div>\n\t\t\t\t<div class=\"elementor-element elementor-element-526e777 elementor-widget elementor-widget-heading\" data-id=\"526e777\" data-element_type=\"widget\" data-e-type=\"widget\" data-widget_type=\"heading.default\">\n\t\t\t\t<div class=\"elementor-widget-container\">\n\t\t\t\t\t<h2 class=\"elementor-heading-title elementor-size-default\">\ud83c\udf0d\ud83d\udc9a <b>\u00a1\u00danete a la causa por un planeta m\u00e1s verde con ECO CREACIONES ACV: Arte Sostenible!<\/b><\/h2>\t\t\t\t<\/div>\n\t\t\t\t<\/div>\n\t\t\t\t<div class=\"elementor-element elementor-element-0118be9 elementor-widget elementor-widget-heading\" data-id=\"0118be9\" data-element_type=\"widget\" data-e-type=\"widget\" data-widget_type=\"heading.default\">\n\t\t\t\t<div class=\"elementor-widget-container\">\n\t\t\t\t\t<h2 class=\"elementor-heading-title elementor-size-default\">Nos enorgullece presentar los resultados del proyecto de emprendimiento de nuestros estudiantes del Sexto grado de primaria de la IE Alejandro Cussianovich Villar\u00e1n. Con pasi\u00f3n y creatividad, han creado bolsitas ecol\u00f3gicas con frases inspiradoras que promueven el cuidado y la protecci\u00f3n de nuestro planeta.<\/h2>\t\t\t\t<\/div>\n\t\t\t\t<\/div>\n\t\t\t\t<div class=\"elementor-element elementor-element-9d859a7 elementor-widget elementor-widget-heading\" data-id=\"9d859a7\" data-element_type=\"widget\" data-e-type=\"widget\" data-widget_type=\"heading.default\">\n\t\t\t\t<div class=\"elementor-widget-container\">\n\t\t\t\t\t<h2 class=\"elementor-heading-title elementor-size-default\">\u00a1Cada bolsita es una obra de arte sostenible que marca la diferencia! Al adquirir una, no solo obtienes un producto \u00fatil y hermoso, sino que tambi\u00e9n apoyas una causa que trasciende generaciones.<\/h2>\t\t\t\t<\/div>\n\t\t\t\t<\/div>\n\t\t\t\t<div class=\"elementor-element elementor-element-b4bb325 elementor-widget elementor-widget-heading\" data-id=\"b4bb325\" data-element_type=\"widget\" data-e-type=\"widget\" data-widget_type=\"heading.default\">\n\t\t\t\t<div class=\"elementor-widget-container\">\n\t\t\t\t\t<h2 class=\"elementor-heading-title elementor-size-default\">\ud83c\udf3f \u00bfQuieres colaborar con esta noble iniciativa? Llama ahora al celular 950762145 o al 930428680 y adquiere tu bolsita ecol\u00f3gica. \u00a1Cada compra cuenta para un futuro m\u00e1s verde y sostenible!<\/h2>\t\t\t\t<\/div>\n\t\t\t\t<\/div>\n\t\t\t\t<div class=\"elementor-element elementor-element-e4c2499 elementor-widget elementor-widget-heading\" data-id=\"e4c2499\" data-element_type=\"widget\" data-e-type=\"widget\" data-widget_type=\"heading.default\">\n\t\t\t\t<div class=\"elementor-widget-container\">\n\t\t\t\t\t<h2 class=\"elementor-heading-title elementor-size-default\">Juntos podemos hacer la diferencia. \u00a1\u00danete a ECO CREACIONES ACV y s\u00e9 parte del cambio hacia un mundo mejor! \ud83c\udf0e\ud83d\udc9a<\/h2>\t\t\t\t<\/div>\n\t\t\t\t<\/div>\n\t\t\t\t<\/div>\n\t\t<div class=\"elementor-element elementor-element-048584a e-con-full e-flex e-con e-child\" data-id=\"048584a\" data-element_type=\"container\" data-e-type=\"container\">\n\t\t\t\t<div class=\"elementor-element elementor-element-0ccb6bd elementor-widget__width-initial elementor-widget-mobile__width-initial elementor-hidden-desktop elementor-hidden-tablet elementor-widget elementor-widget-image\" data-id=\"0ccb6bd\" data-element_type=\"widget\" data-e-type=\"widget\" data-widget_type=\"image.default\">\n\t\t\t\t<div class=\"elementor-widget-container\">\n\t\t\t\t\t\t\t\t\t\t\t\t\t\t\t<img loading=\"lazy\" decoding=\"async\" width=\"640\" height=\"905\" src=\"https:\/\/acv.edu.pe\/wp-content\/uploads\/2024\/07\/WhatsApp-Image-2024-07-21-at-11.42.44-PM-724x1024.jpeg\" class=\"attachment-large size-large wp-image-739\" alt=\"\" srcset=\"https:\/\/acv.edu.pe\/wp-content\/uploads\/2024\/07\/WhatsApp-Image-2024-07-21-at-11.42.44-PM-724x1024.jpeg 724w, https:\/\/acv.edu.pe\/wp-content\/uploads\/2024\/07\/WhatsApp-Image-2024-07-21-at-11.42.44-PM-212x300.jpeg 212w, https:\/\/acv.edu.pe\/wp-content\/uploads\/2024\/07\/WhatsApp-Image-2024-07-21-at-11.42.44-PM-768x1086.jpeg 768w, https:\/\/acv.edu.pe\/wp-content\/uploads\/2024\/07\/WhatsApp-Image-2024-07-21-at-11.42.44-PM-1086x1536.jpeg 1086w, https:\/\/acv.edu.pe\/wp-content\/uploads\/2024\/07\/WhatsApp-Image-2024-07-21-at-11.42.44-PM-763x1080.jpeg 763w, https:\/\/acv.edu.pe\/wp-content\/uploads\/2024\/07\/WhatsApp-Image-2024-07-21-at-11.42.44-PM.jpeg 1131w\" sizes=\"(max-width: 640px) 100vw, 640px\" \/>\t\t\t\t\t\t\t\t\t\t\t\t\t\t\t<\/div>\n\t\t\t\t<\/div>\n\t\t\t\t<\/div>\n\t\t\t\t<\/div>\n\t\t<div class=\"elementor-element elementor-element-3bb9b02 e-con-full elementor-hidden-desktop elementor-hidden-mobile e-flex e-con e-parent\" data-id=\"3bb9b02\" data-element_type=\"container\" data-e-type=\"container\">\n\t\t<div class=\"elementor-element elementor-element-bc74f24 e-con-full e-flex e-con e-child\" data-id=\"bc74f24\" data-element_type=\"container\" data-e-type=\"container\">\n\t\t\t\t<div class=\"elementor-element elementor-element-fe9498f elementor-widget elementor-widget-heading\" data-id=\"fe9498f\" data-element_type=\"widget\" data-e-type=\"widget\" data-widget_type=\"heading.default\">\n\t\t\t\t<div class=\"elementor-widget-container\">\n\t\t\t\t\t<h2 class=\"elementor-heading-title elementor-size-default\"><span style=\", sans-serif;font-size: 37px;text-align: center\">     ECO CREACIO<\/span><span style=\", sans-serif;font-size: 37px;text-align: center\">NES<\/span><span style=\", sans-serif;font-size: 37px;text-align: center\">  <\/span><\/h2>\t\t\t\t<\/div>\n\t\t\t\t<\/div>\n\t\t\t\t<div class=\"elementor-element elementor-element-3ab289a elementor-widget elementor-widget-heading\" data-id=\"3ab289a\" data-element_type=\"widget\" data-e-type=\"widget\" data-widget_type=\"heading.default\">\n\t\t\t\t<div class=\"elementor-widget-container\">\n\t\t\t\t\t<h2 class=\"elementor-heading-title elementor-size-default\">\ud83c\udf0d\ud83d\udc9a <b>\u00a1\u00danete a la causa por un planeta m\u00e1s verde con ECO CREACIONES ACV: Arte Sostenible!<\/b><\/h2>\t\t\t\t<\/div>\n\t\t\t\t<\/div>\n\t\t\t\t<div class=\"elementor-element elementor-element-c129b30 elementor-widget elementor-widget-heading\" data-id=\"c129b30\" data-element_type=\"widget\" data-e-type=\"widget\" data-widget_type=\"heading.default\">\n\t\t\t\t<div class=\"elementor-widget-container\">\n\t\t\t\t\t<h2 class=\"elementor-heading-title elementor-size-default\">Nos enorgullece presentar los resultados del proyecto de emprendimiento de nuestros estudiantes del Sexto grado de primaria de la IE Alejandro Cussianovich Villar\u00e1n. Con pasi\u00f3n y creatividad, han creado bolsitas ecol\u00f3gicas con frases inspiradoras que promueven el cuidado y la protecci\u00f3n de nuestro planeta.<\/h2>\t\t\t\t<\/div>\n\t\t\t\t<\/div>\n\t\t\t\t<div class=\"elementor-element elementor-element-abf4652 elementor-widget elementor-widget-heading\" data-id=\"abf4652\" data-element_type=\"widget\" data-e-type=\"widget\" data-widget_type=\"heading.default\">\n\t\t\t\t<div class=\"elementor-widget-container\">\n\t\t\t\t\t<h2 class=\"elementor-heading-title elementor-size-default\">\u00a1Cada bolsita es una obra de arte sostenible que marca la diferencia! Al adquirir una, no solo obtienes un producto \u00fatil y hermoso, sino que tambi\u00e9n apoyas una causa que trasciende generaciones.<\/h2>\t\t\t\t<\/div>\n\t\t\t\t<\/div>\n\t\t\t\t<div class=\"elementor-element elementor-element-090b9cc elementor-widget elementor-widget-heading\" data-id=\"090b9cc\" data-element_type=\"widget\" data-e-type=\"widget\" data-widget_type=\"heading.default\">\n\t\t\t\t<div class=\"elementor-widget-container\">\n\t\t\t\t\t<h2 class=\"elementor-heading-title elementor-size-default\">\ud83c\udf3f \u00bfQuieres colaborar con esta noble iniciativa? Llama ahora al celular 950762145 o al 930428680 y adquiere tu bolsita ecol\u00f3gica. \u00a1Cada compra cuenta para un futuro m\u00e1s verde y sostenible!<\/h2>\t\t\t\t<\/div>\n\t\t\t\t<\/div>\n\t\t\t\t<div class=\"elementor-element elementor-element-3d2ed13 elementor-widget elementor-widget-heading\" data-id=\"3d2ed13\" data-element_type=\"widget\" data-e-type=\"widget\" data-widget_type=\"heading.default\">\n\t\t\t\t<div class=\"elementor-widget-container\">\n\t\t\t\t\t<h2 class=\"elementor-heading-title elementor-size-default\">Juntos podemos hacer la diferencia. \u00a1\u00danete a ECO CREACIONES ACV y s\u00e9 parte del cambio hacia un mundo mejor! \ud83c\udf0e\ud83d\udc9a<\/h2>\t\t\t\t<\/div>\n\t\t\t\t<\/div>\n\t\t\t\t<\/div>\n\t\t<div class=\"elementor-element elementor-element-6834b2b e-con-full e-flex e-con e-child\" data-id=\"6834b2b\" data-element_type=\"container\" data-e-type=\"container\">\n\t\t\t\t<div class=\"elementor-element elementor-element-9bbc479 elementor-widget__width-initial elementor-widget-tablet__width-initial elementor-widget-mobile__width-initial elementor-widget elementor-widget-image\" data-id=\"9bbc479\" data-element_type=\"widget\" data-e-type=\"widget\" data-widget_type=\"image.default\">\n\t\t\t\t<div class=\"elementor-widget-container\">\n\t\t\t\t\t\t\t\t\t\t\t\t\t\t\t<img loading=\"lazy\" decoding=\"async\" width=\"640\" height=\"905\" src=\"https:\/\/acv.edu.pe\/wp-content\/uploads\/2024\/07\/WhatsApp-Image-2024-07-21-at-11.42.44-PM-724x1024.jpeg\" class=\"attachment-large size-large wp-image-739\" alt=\"\" srcset=\"https:\/\/acv.edu.pe\/wp-content\/uploads\/2024\/07\/WhatsApp-Image-2024-07-21-at-11.42.44-PM-724x1024.jpeg 724w, https:\/\/acv.edu.pe\/wp-content\/uploads\/2024\/07\/WhatsApp-Image-2024-07-21-at-11.42.44-PM-212x300.jpeg 212w, https:\/\/acv.edu.pe\/wp-content\/uploads\/2024\/07\/WhatsApp-Image-2024-07-21-at-11.42.44-PM-768x1086.jpeg 768w, https:\/\/acv.edu.pe\/wp-content\/uploads\/2024\/07\/WhatsApp-Image-2024-07-21-at-11.42.44-PM-1086x1536.jpeg 1086w, https:\/\/acv.edu.pe\/wp-content\/uploads\/2024\/07\/WhatsApp-Image-2024-07-21-at-11.42.44-PM-763x1080.jpeg 763w, https:\/\/acv.edu.pe\/wp-content\/uploads\/2024\/07\/WhatsApp-Image-2024-07-21-at-11.42.44-PM.jpeg 1131w\" sizes=\"(max-width: 640px) 100vw, 640px\" \/>\t\t\t\t\t\t\t\t\t\t\t\t\t\t\t<\/div>\n\t\t\t\t<\/div>\n\t\t\t\t<\/div>\n\t\t\t\t<\/div>\n\t\t<div class=\"elementor-element elementor-element-4304a51 e-flex e-con-boxed e-con e-parent\" data-id=\"4304a51\" data-element_type=\"container\" data-e-type=\"container\">\n\t\t\t\t\t<div class=\"e-con-inner\">\n\t\t\t\t\t<\/div>\n\t\t\t\t<\/div>\n\t\t\t\t<\/div>\n\t\t","protected":false},"excerpt":{"rendered":"<p>Lema Institucional Momentos que construyen futuro Proyecto \u201cEscribimos para cambiar el mundo\u201d, ganador del FONDEP 2025. Estudiantes destacadas en la FENCYT 2025, logrando reconocimiento por su talento y esfuerzo. Donde el aprendizaje comienza con alegr\u00eda, juego y descubrimiento. Desarrollo de competencias digitales en entornos tecnol\u00f3gicos. Feliz Dia del Maestro \u00a1Feliz D\u00eda del Maestro! Tus lecciones [&hellip;]<\/p>\n","protected":false},"author":1,"featured_media":39,"parent":0,"menu_order":0,"comment_status":"closed","ping_status":"closed","template":"","meta":{"saved_in_kubio":true,"footnotes":""},"class_list":["post-70","page","type-page","status-publish","has-post-thumbnail","hentry"],"kubio_ai_page_context":{"short_desc":"","purpose":"general"},"_links":{"self":[{"href":"https:\/\/acv.edu.pe\/index.php\/wp-json\/wp\/v2\/pages\/70","targetHints":{"allow":["GET"]}}],"collection":[{"href":"https:\/\/acv.edu.pe\/index.php\/wp-json\/wp\/v2\/pages"}],"about":[{"href":"https:\/\/acv.edu.pe\/index.php\/wp-json\/wp\/v2\/types\/page"}],"author":[{"embeddable":true,"href":"https:\/\/acv.edu.pe\/index.php\/wp-json\/wp\/v2\/users\/1"}],"replies":[{"embeddable":true,"href":"https:\/\/acv.edu.pe\/index.php\/wp-json\/wp\/v2\/comments?post=70"}],"version-history":[{"count":84,"href":"https:\/\/acv.edu.pe\/index.php\/wp-json\/wp\/v2\/pages\/70\/revisions"}],"predecessor-version":[{"id":954,"href":"https:\/\/acv.edu.pe\/index.php\/wp-json\/wp\/v2\/pages\/70\/revisions\/954"}],"wp:featuredmedia":[{"embeddable":true,"href":"https:\/\/acv.edu.pe\/index.php\/wp-json\/wp\/v2\/media\/39"}],"wp:attachment":[{"href":"https:\/\/acv.edu.pe\/index.php\/wp-json\/wp\/v2\/media?parent=70"}],"curies":[{"name":"wp","href":"https:\/\/api.w.org\/{rel}","templated":true}]}}